{"type":"video","version":"1.0","provider_name":"Network.hu","provider_url":"http:\/\/network.hu\/","title":"Stefanidu Janula - Minden \u00c9jjel","author_name":"jfaterka","author_url":"http:\/\/network.hu\/jfaterka","html":"&lt;object width=&quot;424&quot; height=&quot;345&quot;&gt;&lt;param name=&quot;movie&quot; value=&quot;http:\/\/slagermuzeum.network.hu\/flash\/videoplayer\/video.swf?videoid=604596&amp;amp;pvol=40&amp;amp;plang=hu&amp;amp;host=http:\/\/slagermuzeum.network.hu&quot; \/&gt;&lt;param name=&quot;allowscriptaccess&quot; value=&quot;always&quot; \/&gt;&lt;param name=&quot;allowfullscreen&quot; value=&quot;true&quot; \/&gt;&lt;embed src=&quot;http:\/\/slagermuzeum.network.hu\/flash\/videoplayer\/video.swf?videoid=604596&amp;amp;pvol=40&amp;amp;plang=hu&amp;amp;host=http:\/\/slagermuzeum.network.hu&quot; width=&quot;424&quot; height=&quot;345&quot; allowscriptaccess=&quot;always&quot; allowfullscreen=&quot;true&quot; \/&gt;&lt;\/object&gt;","width":424,"height":345,"description":"Stefanidu Janula - Minden \u00c9jjel\n\nGalambos Lajos\n\nMinden \u00e9jjel \u00fcres a csend, suttog\u00f3 sz\u00f3 t\u00e9ged keres\nMinden \u00e9jjel f\u00e9ltelek \u00e9n, elmondanom olyan neh\u00e9z\nSoha nem \u00e9reztem ilyet m\u00e9g, \nMaradj meg nekem \u00f6r\u00f6kk\u00e9!\nEngedj m\u00e9g \u00e9lnem,\nEngedd \u00e1t \u00e9lnem\nEzt a l\u00e1zas, forr\u00f3 \u00e9jszak\u00e1t!\nHa te elmenn\u00e9l, \u00e9lni  f\u00e9lek \u00e9n\nVeled oly sz\u00e9p lesz, ez az eg\u00e9sz!\nMinden \u00e9jjel f\u00e9ltelek \u00e9n\nNem adom m\u00e1r, ami eny\u00e9m!\nMinden \u00e9jjel, karom \u00f6lel\nSzorosan fog, el nem ereszt!\nSoha nem \u00e9reztem ilyet m\u00e9g, \nMaradj meg nekem \u00f6r\u00f6kk\u00e9!\nEngedj m\u00e9g \u00e9lnem,\nEngedd \u00e1t \u00e9lnem\nEzt a l\u00e1zas, forr\u00f3 \u00e9jszak\u00e1t!\nHa te elmenn\u00e9l, \u00e9lni  f\u00e9lek \u00e9n\nVeled oly sz\u00e9p lesz, ez az eg\u00e9sz!\nEngedj m\u00e9g \u00e9lnem,\nEngedd \u00e1t \u00e9lnem\nEzt a l\u00e1zas, forr\u00f3 \u00e9jszak\u00e1t!\nHa te elmenn\u00e9l, \u00e9lni  f\u00e9lek \u00e9n\nVeled oly sz\u00e9p lesz, ez az eg\u00e9sz!","thumbnail_url":"http:\/\/vds.network.hu\/clubvideo\/6\/4\/_\/604596_13811_2.jpg","thumbnail_width":80,"thumbnail_height":60,"video_id":"604596"}